{"id":604,"date":"2023-10-16T10:01:42","date_gmt":"2023-10-16T10:01:42","guid":{"rendered":"https:\/\/echoes-erasmusplus.eu\/infodef\/"},"modified":"2024-03-22T08:56:54","modified_gmt":"2024-03-22T08:56:54","slug":"infodef","status":"publish","type":"page","link":"https:\/\/echoes-erasmusplus.eu\/it\/partner\/infodef\/","title":{"rendered":"InfoDef"},"content":{"rendered":"<p>[et_pb_section fb_built=&#8221;1&#8243; _builder_version=&#8221;4.21.0&#8243; _module_preset=&#8221;default&#8221; custom_margin=&#8221;||4px|||&#8221; custom_padding=&#8221;48px||5px|||&#8221; global_colors_info=&#8221;{}&#8221;][et_pb_row _builder_version=&#8221;4.21.0&#8243; _module_preset=&#8221;default&#8221; custom_padding=&#8221;3px|||||&#8221; global_colors_info=&#8221;{}&#8221;][et_pb_column type=&#8221;4_4&#8243; _builder_version=&#8221;4.21.0&#8243; _module_preset=&#8221;default&#8221; global_colors_info=&#8221;{}&#8221;][et_pb_image src=&#8221;https:\/\/echoes-erasmusplus.eu\/wp-content\/uploads\/2023\/06\/infodef.png&#8221; title_text=&#8221;infodef&#8221; align=&#8221;center&#8221; _builder_version=&#8221;4.21.0&#8243; _module_preset=&#8221;default&#8221; width=&#8221;50%&#8221; custom_margin=&#8221;-27px||3px|||&#8221; custom_padding=&#8221;||0px|||&#8221; global_colors_info=&#8221;{}&#8221;][\/et_pb_image][et_pb_text _builder_version=&#8221;4.21.0&#8243; _module_preset=&#8221;default&#8221; text_font=&#8221;Poppins||||||||&#8221; custom_margin=&#8221;39px|||||&#8221; global_colors_info=&#8221;{}&#8221;]<\/p>\n<h1 style=\"font-weight: 600; text-align: center; font-size: 40px;\">INFODEF &#8211; Instituto para el Fomento del Desarrollo y la Formaci\u00f3n SL<\/h1>\n<p>[\/et_pb_text][\/et_pb_column][\/et_pb_row][et_pb_row column_structure=&#8221;1_2,1_2&#8243; _builder_version=&#8221;4.21.0&#8243; _module_preset=&#8221;default&#8221; global_colors_info=&#8221;{}&#8221;][et_pb_column type=&#8221;1_2&#8243; _builder_version=&#8221;4.21.0&#8243; _module_preset=&#8221;default&#8221; global_colors_info=&#8221;{}&#8221;][et_pb_text _builder_version=&#8221;4.21.0&#8243; _module_preset=&#8221;default&#8221; global_colors_info=&#8221;{}&#8221;]<div class=\"map_wrapper\" id=\"map_wrapper_280\">\n<div class=\"map_box\" style=\"max-width:2000px\">\n<div class=\"map_aspect_ratio\" style=\"padding-top:100%\" data-padding-top=\"100%\" data-padding-top-mobile=\"0%\">\n<div class=\"map_container\">\n<div class=\"map_render map_loading\" id=\"map_280\"><\/div>\n<\/div>\n<\/div>\n<\/div>\n<\/div>[\/et_pb_text][\/et_pb_column][et_pb_column type=&#8221;1_2&#8243; _builder_version=&#8221;4.21.0&#8243; _module_preset=&#8221;default&#8221; global_colors_info=&#8221;{}&#8221;][et_pb_text _builder_version=&#8221;4.21.0&#8243; _module_preset=&#8221;default&#8221; global_colors_info=&#8221;{}&#8221;]<strong>Tipo di organizzazione<\/strong>: Istituto\/Centro di ricerca<\/p>\n<p><strong>Paese<\/strong>: Spagna<\/p>\n<p><strong>Regione<\/strong>: Castiglia e Le\u00f3n<\/p>\n<p><strong>Citt\u00e0<\/strong>: Valladolid<\/p>\n<p><strong>Sito web<\/strong>: <a href=\"https:\/\/infodef.es\/\" target=\"_blank\" rel=\"noopener\">www.infodef.es<\/a>[\/et_pb_text][\/et_pb_column][\/et_pb_row][et_pb_row _builder_version=&#8221;4.21.0&#8243; _module_preset=&#8221;default&#8221; custom_padding=&#8221;34px|||||&#8221; global_colors_info=&#8221;{}&#8221;][et_pb_column type=&#8221;4_4&#8243; _builder_version=&#8221;4.21.0&#8243; _module_preset=&#8221;default&#8221; global_colors_info=&#8221;{}&#8221;][et_pb_tabs active_tab_background_color=&#8221;#f8b729&#8243; inactive_tab_background_color=&#8221;#52aa3c&#8221; active_tab_text_color=&#8221;#1a448c&#8221; _builder_version=&#8221;4.21.0&#8243; _module_preset=&#8221;default&#8221; tab_text_color=&#8221;#1a448c&#8221; body_font=&#8221;Poppins||||||||&#8221; tab_font=&#8221;Poppins||||||||&#8221; tab_font_size=&#8221;18px&#8221; tab_line_height=&#8221;2em&#8221; background_color=&#8221;RGBA(255,255,255,0)&#8221; module_alignment=&#8221;center&#8221; custom_padding=&#8221;|10px|24px|10px|false|false&#8221; border_style_all=&#8221;none&#8221; global_colors_info=&#8221;{}&#8221;][et_pb_tab title=&#8221;Chi siamo&#8221; _builder_version=&#8221;4.21.0&#8243; _module_preset=&#8221;default&#8221; global_colors_info=&#8221;{}&#8221;]INFODEF, Istituto per la Promozione dello Sviluppo e della Formazione, \u00e8 un centro privato e indipendente per la ricerca, lo sviluppo e l&#8217;innovazione la cui missione \u00e8 quella di ideare e realizzare progetti che contribuiscano a raggiungere uno sviluppo sostenibile e inclusivo attraverso l&#8217;educazione, la cultura e l&#8217;innovazione.  <\/p>\n<p>Il centro progetta e sviluppa strumenti, metodologie, prodotti e servizi innovativi che rispondono alle attuali sfide sociali ed economiche e che consentono di anticipare e guidare i cambiamenti necessari per raggiungere gli obiettivi futuri della societ\u00e0. INFODEF sostiene la modernizzazione dei sistemi educativi e l&#8217;innovativit\u00e0 pedagogica delle istituzioni educative pubbliche e private a livello nazionale ed europeo. Ha una vasta esperienza nello sviluppo di metodologie, strumenti e risorse innovative per l&#8217;insegnamento e l&#8217;apprendimento e ha un lavoro di estensibilit\u00e0 sulla definizione di curricula formativi e risultati di apprendimento basati su EQF ed ECVET, sulla progettazione di nuovi strumenti per l&#8217;identificazione, la valutazione e la convalida di competenze di base, chiave, trasversali e professionali, sullo sviluppo di strumenti innovativi basati sulle TIC, sulla progettazione di metodologie per supportare programmi e pratiche di apprendimento basati sul lavoro, su nuovi strumenti per il riconoscimento e la convalida dell&#8217;apprendimento non formale e informale, su metodi didattici innovativi, sull&#8217;educazione all&#8217;imprenditorialit\u00e0, sull&#8217;educazione speciale e sulla valutazione e la verifica della qualit\u00e0 dei programmi educativi.  <\/p>\n<p>Una delle principali aree di competenza di INFODEF \u00e8 la progettazione di metodologie e strumenti innovativi per supportare l&#8217;attivit\u00e0 dei professionisti che lavorano con gruppi specifici, come giovani, migranti, adulti poco qualificati, persone con disabilit\u00e0, autori di reati e altri gruppi non privilegiati.  <\/p>\n<p>INFODEF \u00e8 partner del cluster AEICE www.aeice.org, un raggruppamento di imprese, centri di ricerca e sviluppo, Universit\u00e0 e Pubbliche Amministrazioni che favorisce lo sviluppo sociale ed economico del territorio attraverso la collaborazione, l&#8217;innovazione, l&#8217;internazionalizzazione, la formazione e la comunicazione in diversi ambiti: edilizia 4.0, patrimonio, industria manifatturiera e attrezzature, ristrutturazione edilizia, economia circolare, ECCN e ambienti amichevoli.<\/p>\n<p>INFODEF ha partecipato o coordinato 75 progetti europei nel campo dell&#8217;innovazione applicata ai giovani, all&#8217;istruzione e alla formazione, finanziati dai programmi Lifelong Learning, Erasmus+ o Horizon 2020 della Commissione Europea.[\/et_pb_tab][et_pb_tab title=&#8221;Il nostro ruolo nel progetto&#8221; _builder_version=&#8221;4.21.0&#8243; _module_preset=&#8221;default&#8221; body_ul_font=&#8221;Poppins||||||||&#8221; global_colors_info=&#8221;{}&#8221;]<\/p>\n<p>INFODEF ha una grande esperienza nello sviluppo di programmi, metodologie e contenuti relativi all&#8217;argomento del progetto.  <\/p>\n<p>APP&amp;TEACH, Mobile APPs for in-company VET trainers, \u00e8 un progetto di Eramus+ KA2 Strategic Partnership in VET che ha l&#8217;obiettivo di facilitare la partecipazione delle PMI all&#8217;apprendistato dotando i formatori VET in azienda delle competenze necessarie e di strumenti innovativi basati sulle TIC per supportare sia la gestione che le attivit\u00e0 di formazione coinvolte nei programmi di apprendistato.  <\/p>\n<p>ASSESS PLUS, un progetto di partenariato strategico Erasmus+ KA2. L&#8217;obiettivo di ASSESS PLUS \u00e8 quello di supportare gli audit delle competenze nell&#8217;educazione degli adulti attraverso strumenti e prodotti digitali innovativi per rendere disponibile l&#8217;identificazione e lo screening delle competenze, compresa la convalida delle competenze acquisite attraverso l&#8217;apprendimento informale e non formale, e facilitare il progresso degli adulti poco qualificati e svantaggiati verso qualifiche pi\u00f9 elevate. con l&#8217;obiettivo di sostenere le verifiche delle competenze nell&#8217;educazione degli adulti attraverso gli strumenti digitali.  <\/p>\n<p>L&#8217;esperienza e il know-how di INFODEF saranno applicati al progetto per condividere le buone pratiche e sviluppare metodi e strumenti all&#8217;avanguardia per sostenere i gruppi target del progetto.<\/p>\n<p>[\/et_pb_tab][\/et_pb_tabs][\/et_pb_column][\/et_pb_row][\/et_pb_section]<\/p>\n","protected":false},"excerpt":{"rendered":"<p>INFODEF &#8211; Instituto para el Fomento del Desarrollo y la Formaci\u00f3n SL<div class=\"map_wrapper\" id=\"map_wrapper_280\">\n<div class=\"map_box\" style=\"max-width:2000px\">\n<div class=\"map_aspect_ratio\" style=\"padding-top:100%\" data-padding-top=\"100%\" data-padding-top-mobile=\"0%\">\n<div class=\"map_container\">\n<div class=\"map_render map_loading\" id=\"map_280\"><\/div>\n<\/div>\n<\/div>\n<\/div>\n<\/div>Tipo di organizzazione: Istituto\/Centro di ricerca Paese: Spagna Regione: Castiglia e Le\u00f3n Citt\u00e0: Valladolid Sito web: www.infodef.esINFODEF, Istituto per la Promozione dello Sviluppo e della Formazione, \u00e8 un centro privato e indipendente per la ricerca, lo sviluppo e l&#8217;innovazione la cui missione \u00e8 [&hellip;]<\/p>\n","protected":false},"author":2,"featured_media":0,"parent":620,"menu_order":0,"comment_status":"closed","ping_status":"closed","template":"","meta":{"_et_pb_use_builder":"on","_et_pb_old_content":"","_et_gb_content_width":"","footnotes":""},"class_list":["post-604","page","type-page","status-publish","hentry"],"yoast_head":"<!-- This site is optimized with the Yoast SEO plugin v21.8 - https:\/\/yoast.com\/wordpress\/plugins\/seo\/ -->\n<title>InfoDef - Echoes<\/title>\n<meta name=\"robots\" content=\"noindex, follow\" \/>\n<meta property=\"og:locale\" content=\"it_IT\" \/>\n<meta property=\"og:type\" content=\"article\" \/>\n<meta property=\"og:title\" content=\"InfoDef - Echoes\" \/>\n<meta property=\"og:description\" content=\"INFODEF - Instituto para el Fomento del Desarrollo y la Formaci\u00f3n SLTipo di organizzazione: Istituto\/Centro di ricerca Paese: Spagna Regione: Castiglia e Le\u00f3n Citt\u00e0: Valladolid Sito web: www.infodef.esINFODEF, Istituto per la Promozione dello Sviluppo e della Formazione, \u00e8 un centro privato e indipendente per la ricerca, lo sviluppo e l&#039;innovazione la cui missione \u00e8 [&hellip;]\" \/>\n<meta property=\"og:url\" content=\"https:\/\/echoes-erasmusplus.eu\/it\/partner\/infodef\/\" \/>\n<meta property=\"og:site_name\" content=\"Echoes\" \/>\n<meta property=\"article:modified_time\" content=\"2024-03-22T08:56:54+00:00\" \/>\n<meta name=\"twitter:card\" content=\"summary_large_image\" \/>\n<meta name=\"twitter:label1\" content=\"Tempo di lettura stimato\" \/>\n\t<meta name=\"twitter:data1\" content=\"3 minuti\" \/>\n<script type=\"application\/ld+json\" class=\"yoast-schema-graph\">{\"@context\":\"https:\/\/schema.org\",\"@graph\":[{\"@type\":\"WebPage\",\"@id\":\"https:\/\/echoes-erasmusplus.eu\/it\/partner\/infodef\/\",\"url\":\"https:\/\/echoes-erasmusplus.eu\/it\/partner\/infodef\/\",\"name\":\"InfoDef - Echoes\",\"isPartOf\":{\"@id\":\"https:\/\/echoes-erasmusplus.eu\/it\/#website\"},\"datePublished\":\"2023-10-16T10:01:42+00:00\",\"dateModified\":\"2024-03-22T08:56:54+00:00\",\"breadcrumb\":{\"@id\":\"https:\/\/echoes-erasmusplus.eu\/it\/partner\/infodef\/#breadcrumb\"},\"inLanguage\":\"it-IT\",\"potentialAction\":[{\"@type\":\"ReadAction\",\"target\":[\"https:\/\/echoes-erasmusplus.eu\/it\/partner\/infodef\/\"]}]},{\"@type\":\"BreadcrumbList\",\"@id\":\"https:\/\/echoes-erasmusplus.eu\/it\/partner\/infodef\/#breadcrumb\",\"itemListElement\":[{\"@type\":\"ListItem\",\"position\":1,\"name\":\"Home\",\"item\":\"https:\/\/echoes-erasmusplus.eu\/it\/\"},{\"@type\":\"ListItem\",\"position\":2,\"name\":\"Partner\",\"item\":\"https:\/\/echoes-erasmusplus.eu\/it\/partners\/\"},{\"@type\":\"ListItem\",\"position\":3,\"name\":\"InfoDef\"}]},{\"@type\":\"WebSite\",\"@id\":\"https:\/\/echoes-erasmusplus.eu\/it\/#website\",\"url\":\"https:\/\/echoes-erasmusplus.eu\/it\/\",\"name\":\"ECHOES\",\"description\":\"Extended Classrooms for Higher Opportunities Enhancing Skills\",\"publisher\":{\"@id\":\"https:\/\/echoes-erasmusplus.eu\/it\/#organization\"},\"potentialAction\":[{\"@type\":\"SearchAction\",\"target\":{\"@type\":\"EntryPoint\",\"urlTemplate\":\"https:\/\/echoes-erasmusplus.eu\/it\/?s={search_term_string}\"},\"query-input\":\"required name=search_term_string\"}],\"inLanguage\":\"it-IT\"},{\"@type\":\"Organization\",\"@id\":\"https:\/\/echoes-erasmusplus.eu\/it\/#organization\",\"name\":\"ECHOES Extended Classrooms for Higher Opportunities Enhancing Skills\",\"url\":\"https:\/\/echoes-erasmusplus.eu\/it\/\",\"logo\":{\"@type\":\"ImageObject\",\"inLanguage\":\"it-IT\",\"@id\":\"https:\/\/echoes-erasmusplus.eu\/it\/#\/schema\/logo\/image\/\",\"url\":\"https:\/\/echoes-erasmusplus.eu\/wp-content\/uploads\/2023\/06\/logo-echoes.png\",\"contentUrl\":\"https:\/\/echoes-erasmusplus.eu\/wp-content\/uploads\/2023\/06\/logo-echoes.png\",\"width\":499,\"height\":160,\"caption\":\"ECHOES Extended Classrooms for Higher Opportunities Enhancing Skills\"},\"image\":{\"@id\":\"https:\/\/echoes-erasmusplus.eu\/it\/#\/schema\/logo\/image\/\"}}]}<\/script>\n<!-- \/ Yoast SEO plugin. -->","yoast_head_json":{"title":"InfoDef - Echoes","robots":{"index":"noindex","follow":"follow"},"og_locale":"it_IT","og_type":"article","og_title":"InfoDef - Echoes","og_description":"INFODEF - Instituto para el Fomento del Desarrollo y la Formaci\u00f3n SLTipo di organizzazione: Istituto\/Centro di ricerca Paese: Spagna Regione: Castiglia e Le\u00f3n Citt\u00e0: Valladolid Sito web: www.infodef.esINFODEF, Istituto per la Promozione dello Sviluppo e della Formazione, \u00e8 un centro privato e indipendente per la ricerca, lo sviluppo e l'innovazione la cui missione \u00e8 [&hellip;]","og_url":"https:\/\/echoes-erasmusplus.eu\/it\/partner\/infodef\/","og_site_name":"Echoes","article_modified_time":"2024-03-22T08:56:54+00:00","twitter_card":"summary_large_image","twitter_misc":{"Tempo di lettura stimato":"3 minuti"},"schema":{"@context":"https:\/\/schema.org","@graph":[{"@type":"WebPage","@id":"https:\/\/echoes-erasmusplus.eu\/it\/partner\/infodef\/","url":"https:\/\/echoes-erasmusplus.eu\/it\/partner\/infodef\/","name":"InfoDef - Echoes","isPartOf":{"@id":"https:\/\/echoes-erasmusplus.eu\/it\/#website"},"datePublished":"2023-10-16T10:01:42+00:00","dateModified":"2024-03-22T08:56:54+00:00","breadcrumb":{"@id":"https:\/\/echoes-erasmusplus.eu\/it\/partner\/infodef\/#breadcrumb"},"inLanguage":"it-IT","potentialAction":[{"@type":"ReadAction","target":["https:\/\/echoes-erasmusplus.eu\/it\/partner\/infodef\/"]}]},{"@type":"BreadcrumbList","@id":"https:\/\/echoes-erasmusplus.eu\/it\/partner\/infodef\/#breadcrumb","itemListElement":[{"@type":"ListItem","position":1,"name":"Home","item":"https:\/\/echoes-erasmusplus.eu\/it\/"},{"@type":"ListItem","position":2,"name":"Partner","item":"https:\/\/echoes-erasmusplus.eu\/it\/partners\/"},{"@type":"ListItem","position":3,"name":"InfoDef"}]},{"@type":"WebSite","@id":"https:\/\/echoes-erasmusplus.eu\/it\/#website","url":"https:\/\/echoes-erasmusplus.eu\/it\/","name":"ECHOES","description":"Extended Classrooms for Higher Opportunities Enhancing Skills","publisher":{"@id":"https:\/\/echoes-erasmusplus.eu\/it\/#organization"},"potentialAction":[{"@type":"SearchAction","target":{"@type":"EntryPoint","urlTemplate":"https:\/\/echoes-erasmusplus.eu\/it\/?s={search_term_string}"},"query-input":"required name=search_term_string"}],"inLanguage":"it-IT"},{"@type":"Organization","@id":"https:\/\/echoes-erasmusplus.eu\/it\/#organization","name":"ECHOES Extended Classrooms for Higher Opportunities Enhancing Skills","url":"https:\/\/echoes-erasmusplus.eu\/it\/","logo":{"@type":"ImageObject","inLanguage":"it-IT","@id":"https:\/\/echoes-erasmusplus.eu\/it\/#\/schema\/logo\/image\/","url":"https:\/\/echoes-erasmusplus.eu\/wp-content\/uploads\/2023\/06\/logo-echoes.png","contentUrl":"https:\/\/echoes-erasmusplus.eu\/wp-content\/uploads\/2023\/06\/logo-echoes.png","width":499,"height":160,"caption":"ECHOES Extended Classrooms for Higher Opportunities Enhancing Skills"},"image":{"@id":"https:\/\/echoes-erasmusplus.eu\/it\/#\/schema\/logo\/image\/"}}]}},"_links":{"self":[{"href":"https:\/\/echoes-erasmusplus.eu\/it\/wp-json\/wp\/v2\/pages\/604","targetHints":{"allow":["GET"]}}],"collection":[{"href":"https:\/\/echoes-erasmusplus.eu\/it\/wp-json\/wp\/v2\/pages"}],"about":[{"href":"https:\/\/echoes-erasmusplus.eu\/it\/wp-json\/wp\/v2\/types\/page"}],"author":[{"embeddable":true,"href":"https:\/\/echoes-erasmusplus.eu\/it\/wp-json\/wp\/v2\/users\/2"}],"replies":[{"embeddable":true,"href":"https:\/\/echoes-erasmusplus.eu\/it\/wp-json\/wp\/v2\/comments?post=604"}],"version-history":[{"count":6,"href":"https:\/\/echoes-erasmusplus.eu\/it\/wp-json\/wp\/v2\/pages\/604\/revisions"}],"predecessor-version":[{"id":631,"href":"https:\/\/echoes-erasmusplus.eu\/it\/wp-json\/wp\/v2\/pages\/604\/revisions\/631"}],"up":[{"embeddable":true,"href":"https:\/\/echoes-erasmusplus.eu\/it\/wp-json\/wp\/v2\/pages\/620"}],"wp:attachment":[{"href":"https:\/\/echoes-erasmusplus.eu\/it\/wp-json\/wp\/v2\/media?parent=604"}],"curies":[{"name":"wp","href":"https:\/\/api.w.org\/{rel}","templated":true}]}}