{"id":2615,"date":"2023-10-16T10:01:51","date_gmt":"2023-10-16T10:01:51","guid":{"rendered":"https:\/\/echoes-erasmusplus.eu\/partnerji\/park-primorski-tehnoloski\/"},"modified":"2024-09-13T14:42:44","modified_gmt":"2024-09-13T14:42:44","slug":"park-primorski-tehnoloski","status":"publish","type":"page","link":"https:\/\/echoes-erasmusplus.eu\/sl\/partnerji\/park-primorski-tehnoloski\/","title":{"rendered":"Park Primorski Tehnoloski"},"content":{"rendered":"<p>[et_pb_section fb_built=&#8221;1&#8243; _builder_version=&#8221;4.21.0&#8243; _module_preset=&#8221;default&#8221; custom_margin=&#8221;||4px|||&#8221; custom_padding=&#8221;48px||5px|||&#8221; global_colors_info=&#8221;{}&#8221;][et_pb_row _builder_version=&#8221;4.21.0&#8243; _module_preset=&#8221;default&#8221; custom_padding=&#8221;3px|||||&#8221; global_colors_info=&#8221;{}&#8221;][et_pb_column type=&#8221;4_4&#8243; _builder_version=&#8221;4.21.0&#8243; _module_preset=&#8221;default&#8221; global_colors_info=&#8221;{}&#8221;][et_pb_image src=&#8221;https:\/\/echoes-erasmusplus.eu\/wp-content\/uploads\/2023\/06\/primorski.png&#8221; title_text=&#8221;primorski&#8221; align=&#8221;center&#8221; _builder_version=&#8221;4.21.0&#8243; _module_preset=&#8221;default&#8221; width=&#8221;50%&#8221; custom_margin=&#8221;-27px||3px|||&#8221; custom_padding=&#8221;||0px|||&#8221; global_colors_info=&#8221;{}&#8221;][\/et_pb_image][et_pb_text _builder_version=&#8221;4.21.0&#8243; _module_preset=&#8221;default&#8221; text_font=&#8221;Poppins||||||||&#8221; custom_margin=&#8221;39px|||||&#8221; global_colors_info=&#8221;{}&#8221;]<\/p>\n<h1 style=\"font-weight: 600; text-align: center; font-size: 40px;\">PARK PRIMORSKI TEHNOLOSKI<\/h1>\n<p>[\/et_pb_text][\/et_pb_column][\/et_pb_row][et_pb_row column_structure=&#8221;1_2,1_2&#8243; _builder_version=&#8221;4.21.0&#8243; _module_preset=&#8221;default&#8221; global_colors_info=&#8221;{}&#8221;][et_pb_column type=&#8221;1_2&#8243; _builder_version=&#8221;4.21.0&#8243; _module_preset=&#8221;default&#8221; global_colors_info=&#8221;{}&#8221;][et_pb_text _builder_version=&#8221;4.21.0&#8243; _module_preset=&#8221;default&#8221; global_colors_info=&#8221;{}&#8221;]<div class=\"map_wrapper\" id=\"map_wrapper_282\">\n<div class=\"map_box\" style=\"max-width:2000px\">\n<div class=\"map_aspect_ratio\" style=\"padding-top:100%\" data-padding-top=\"100%\" data-padding-top-mobile=\"0%\">\n<div class=\"map_container\">\n<div class=\"map_render map_loading\" id=\"map_282\"><\/div>\n<\/div>\n<\/div>\n<\/div>\n<\/div>[\/et_pb_text][\/et_pb_column][et_pb_column type=&#8221;1_2&#8243; _builder_version=&#8221;4.21.0&#8243; _module_preset=&#8221;default&#8221; global_colors_info=&#8221;{}&#8221;][et_pb_text _builder_version=&#8221;4.21.0&#8243; _module_preset=&#8221;default&#8221; global_colors_info=&#8221;{}&#8221;]<\/p>\n<p><strong>Vrsta organizacije<\/strong>: Socialni partner ali drug predstavnik poklicnega \u017eivljenja (gospodarska zbornica, sindikat, poklicno zdru\u017eenje)<\/p>\n<p><strong>Dr\u017eava<\/strong>: Slovenija<\/p>\n<p><strong>Mesto<\/strong>: <span>\u0160empeter pri Gorici<\/span><\/p>\n<p><strong>Spletna stran:<\/strong> <a href=\"https:\/\/www.primorski-tp.si\/\" target=\"_blank\" rel=\"noopener\">www.primorski-tp.si<\/a><\/p>\n<p>[\/et_pb_text][\/et_pb_column][\/et_pb_row][et_pb_row _builder_version=&#8221;4.21.0&#8243; _module_preset=&#8221;default&#8221; custom_padding=&#8221;34px|||||&#8221; global_colors_info=&#8221;{}&#8221;][et_pb_column type=&#8221;4_4&#8243; _builder_version=&#8221;4.21.0&#8243; _module_preset=&#8221;default&#8221; global_colors_info=&#8221;{}&#8221;][et_pb_tabs active_tab_background_color=&#8221;#f8b729&#8243; inactive_tab_background_color=&#8221;#52aa3c&#8221; active_tab_text_color=&#8221;#1a448c&#8221; _builder_version=&#8221;4.21.0&#8243; _module_preset=&#8221;default&#8221; tab_text_color=&#8221;#1a448c&#8221; body_font=&#8221;Poppins||||||||&#8221; tab_font=&#8221;Poppins||||||||&#8221; tab_font_size=&#8221;18px&#8221; tab_line_height=&#8221;2em&#8221; background_color=&#8221;RGBA(255,255,255,0)&#8221; module_alignment=&#8221;center&#8221; custom_padding=&#8221;|10px|24px|10px|false|false&#8221; border_style_all=&#8221;none&#8221; global_colors_info=&#8221;{}&#8221;][et_pb_tab title=&#8221;Kdo smo&#8221; _builder_version=&#8221;4.21.0&#8243; _module_preset=&#8221;default&#8221; global_colors_info=&#8221;{}&#8221;]<\/p>\n<p>Primorski tehnolo\u0161ki park je bil ustanovljen leta 2000 kot podporna institucija za razvoj podjetni\u0161tva, inovativnosti in ustvarjalnosti v regionalnem okolju.<br \/>\nOd takrat je ustvaril dinami\u010dno poslovno skupnost v regiji.<br \/>\nNahaja se na sti\u010di\u0161\u010du mest Nova Gorica (Slovenija) in Gorica (Italija).<br \/>\nLokacija se nahaja ob avtocesti, ki povezuje Benetke in Ljubljano, od tr\u017ea\u0161kega letali\u0161\u010da pa smo oddaljeni le 30 km.<br \/>\nZaradi strate\u0161ke lege in sodobnega okolja se tu sre\u010dujejo mlada in ve\u010dja podjetja iz Slovenije, Italije, \u0161ir\u0161e Evrope in sveta.<br \/>\nSmo nosilci najsodobnej\u0161ih podjetni\u0161kih metod, smo vez med podjetniki, investitorji, mentorji, svetovalci, raziskovalci in drugimi strokovnjaki ter ustvarjamo optimalne pogoje za ustanovitev, rast in razvoj podjetij.       <\/p>\n<p>V Primorskem tehnolo\u0161kem parku se ustanavljajo mlada podjetja.<br \/>\nSpremljamo jih od prvih korakov do velikega uspeha.<br \/>\nVerjamemo v novo generacijo, ki bo ustvarila obetaven podjetni\u0161ki ekosistem.<br \/>\nSistemati\u010dno vlagamo v razvoj znanja mladih talentov (potencialnih podjetnikov) in mladih podjetij.<br \/>\nPonujamo programe za mlada podjetja, ki \u017eelijo biti uspe\u0161nej\u0161a, in programe za tiste, ki \u0161ele razvijajo svoje podjetni\u0161ke ideje in ve\u0161\u010dine.<br \/>\nUspe\u0161no sodelujemo s \u0161tevilnimi partnerji iz gospodarstva, izobra\u017eevanja, raziskovanja in drugih podro\u010dij.       <\/p>\n<p>Na\u0161e storitve so za uporabnike brezpla\u010dne, saj uspe\u0161no zbiramo sredstva z razli\u010dnimi nacionalnimi in mednarodnimi projekti.<br \/>\nOsnovna vloga Primorskega tehnolo\u0161kega parka, ki deluje kot podjetni\u0161ki inkubator (GoStartup), je nuditi podporo podjetnikom in potencialnim podjetnikom pri prou\u010devanju tr\u017enih prilo\u017enosti, razvoju poslovnih idej in poslovnih modelov, ustanovitvi in rasti podjetja ter vstopu na (mednarodni) trg.<br \/>\nOrganiziramo razli\u010dne podjetni\u0161ke programe (GoStartup School, GoStartup Master, GoStartup Weekends, GoStartup Clubs, &#8230;), razli\u010dne delavnice znanja za razvoj klju\u010dnih kompetenc (spletni marketing, spletna trgovina, optimizacija spletne strani, projektno vodenje, &#8230;), mentorski program z uspe\u0161nimi podjetniki (Mentoring 1: 1), promocijske in motivacijske dogodke ter dogodke mre\u017eenja.<br \/>\nV okviru inkubatorja je bilo ustanovljenih \u017ee ve\u010d kot 200 podjetij iz razli\u010dnih panog.     <\/p>\n<p>Primorski tehnolo\u0161ki park je tudi organizator vseslovenskega podjetni\u0161kega tekmovanja za mlade do 29 let (POPRI), ki je mednarodno povezano s podjetni\u0161kim tekmovanjem Genius Olympiad v New Yorku v ZDA.<br \/>\nPoleg tekmovanja organiziramo tudi serijo zaporednih delavnic pod imenom &#8220;Podjetni\u0161ki eksperiment&#8221;, ki je spremljevalna dejavnost tekmovanja.<br \/>\nNamen delavnic in tekmovanj je spodbujati ve\u0161\u010dine, kot so podjetni\u0161ki duh, ustvarjalnost, podjetni\u0161ko razmi\u0161ljanje, timsko delo, javno nastopanje, pogajalske ve\u0161\u010dine, preoblikovanje podjetni\u0161ke ideje v poslovni model, izdelava prototipov itd.    <\/p>\n<p>Primorski tehnolo\u0161ki park je tudi ponudnik inovativnih in ustvarjalnih poslovnih prostorov.<br \/>\nPoleg pisarn, predavalnic, sejnih sob (velikost stavbe je pribli\u017eno 5000 m2), brezpla\u010dnega interneta in drugih infrastrukturnih prednosti ponuja tudi coworking prostor, namenjen novemu trendu samozaposlenih (freelancerji, \u010dlani start-up ekip &#8230; ).<br \/>\nPrimorski tehnolo\u0161ki park je eden najpomembnej\u0161ih dele\u017enikov slovenskega podjetni\u0161kega in inovativnega ekosistema, ki zagotavlja celovito podporo podjetjem v zgodnjih in naprednih fazah.  <\/p>\n<p>[\/et_pb_tab][et_pb_tab title=&#8221;Na\u0161a vloga pri projektu&#8221; _builder_version=&#8221;4.21.0&#8243; _module_preset=&#8221;default&#8221; body_ul_font=&#8221;Poppins||||||||&#8221; global_colors_info=&#8221;{}&#8221;]<\/p>\n<p>Primorski tehnolo\u0161ki park in njegova ekipa imata bogate in dolgoletne izku\u0161nje pri delu s podjetniki, potencialnimi podjetniki in perspektivnimi mladimi posamezniki.<br \/>\nVe\u010dina programov Primorskega tehnolo\u0161kega parka je namenjena usposabljanju mladih talentov, potencialnih podjetnikov in podjetnikov (start-up, scale-up, spin-off in drugi).<br \/>\nPrimorski tehnolo\u0161ki park je tako ustvaril bogato mre\u017eo in povezave z razli\u010dnimi poslovnimi mentorji, izobra\u017eevalnimi ustanovami, subjekti podpornega in inovativnega okolja, investitorji itd.<br \/>\nPrimorski tehnolo\u0161ki park je v vseh letih izvajanja razli\u010dnih poslovnih programov ustvaril bogate povezave ne le z udele\u017eenci, temve\u010d tudi s podpornimi institucijami (\u0161ole, univerze, tehnolo\u0161ki parki, inkubatorji, investitorji, raziskovalci, ob\u010dine &#8230;).     <\/p>\n<p>Dobro poznavanje ciljne skupine nam je omogo\u010dilo uspe\u0161no razvijanje ustreznega (ciljnega) tr\u017eenja, ki omogo\u010da povabilo in vklju\u010devanje ciljnih skupin v na\u0161e programe.<br \/>\nEkipa Primorskega tehnolo\u0161kega parka ima bogate izku\u0161nje z organizacijo dogodkov (s tehni\u010dne, vsebinske in marketin\u0161ke plati), saj temelji delo tehnolo\u0161kega parka na izvajanju razli\u010dnih aktivnosti, ki se v praksi izvajajo v obliki delavnic in promocijskih dogodkov.   <\/p>\n<p>Ekipa tehnolo\u0161kega parka ima zaradi sodelovanja v razli\u010dnih nacionalnih in mednarodnih projektih (EU) veliko znanja na podro\u010dju javnih razpisov, vodenja projektov, poro\u010danja in \u0161tevilnih mednarodnih stikov.<br \/>\nVse na\u0161tete izku\u0161nje in znanje bi zagotovo koristno prispevali k uspehu projekta.<br \/>\nPoleg lastnega znanja ima Primorski tehnolo\u0161ki park tudi bogato mre\u017eo podjetni\u0161kih mentorjev, ki tvorijo podjetni\u0161ko skupnost in soustvarjajo prispevek k uspe\u0161no izvedenim projektom.<br \/>\nZ vsem navedenim bi organizacija Primorskega tehnolo\u0161kega parka lahko kakovostno prispevala k izvedbi projekta.   <\/p>\n<p>[\/et_pb_tab][\/et_pb_tabs][\/et_pb_column][\/et_pb_row][\/et_pb_section]<\/p>\n","protected":false},"excerpt":{"rendered":"<p>PARK PRIMORSKI TEHNOLOSKI<div class=\"map_wrapper\" id=\"map_wrapper_282\">\n<div class=\"map_box\" style=\"max-width:2000px\">\n<div class=\"map_aspect_ratio\" style=\"padding-top:100%\" data-padding-top=\"100%\" data-padding-top-mobile=\"0%\">\n<div class=\"map_container\">\n<div class=\"map_render map_loading\" id=\"map_282\"><\/div>\n<\/div>\n<\/div>\n<\/div>\n<\/div>Vrsta organizacije: Socialni partner ali drug predstavnik poklicnega \u017eivljenja (gospodarska zbornica, sindikat, poklicno zdru\u017eenje) Dr\u017eava: Slovenija Mesto: \u0160empeter pri Gorici Spletna stran: www.primorski-tp.siPrimorski tehnolo\u0161ki park je bil ustanovljen leta 2000 kot podporna institucija za razvoj podjetni\u0161tva, inovativnosti in ustvarjalnosti v regionalnem okolju. Od takrat je ustvaril dinami\u010dno poslovno skupnost v regiji. Nahaja [&hellip;]<\/p>\n","protected":false},"author":2,"featured_media":0,"parent":2499,"menu_order":0,"comment_status":"closed","ping_status":"closed","template":"","meta":{"_et_pb_use_builder":"on","_et_pb_old_content":"","_et_gb_content_width":"","footnotes":""},"class_list":["post-2615","page","type-page","status-publish","hentry"],"yoast_head":"<!-- This site is optimized with the Yoast SEO plugin v21.8 - https:\/\/yoast.com\/wordpress\/plugins\/seo\/ -->\n<title>Park Primorski Tehnoloski - Echoes<\/title>\n<meta name=\"description\" content=\"Primorski tehnolo\u0161ki park je bil ustanovljen leta 2000 kot podporna institucija za razvoj podjetni\u0161tva, inovativnosti in ustvarjalnosti...\" \/>\n<meta name=\"robots\" content=\"index, follow, max-snippet:-1, max-image-preview:large, max-video-preview:-1\" \/>\n<link rel=\"canonical\" href=\"https:\/\/echoes-erasmusplus.eu\/sl\/partnerji\/park-primorski-tehnoloski\/\" \/>\n<meta property=\"og:locale\" content=\"sl_SI\" \/>\n<meta property=\"og:type\" content=\"article\" \/>\n<meta property=\"og:title\" content=\"Park Primorski Tehnoloski - Echoes\" \/>\n<meta property=\"og:description\" content=\"Primorski tehnolo\u0161ki park je bil ustanovljen leta 2000 kot podporna institucija za razvoj podjetni\u0161tva, inovativnosti in ustvarjalnosti...\" \/>\n<meta property=\"og:url\" content=\"https:\/\/echoes-erasmusplus.eu\/sl\/partnerji\/park-primorski-tehnoloski\/\" \/>\n<meta property=\"og:site_name\" content=\"Echoes\" \/>\n<meta property=\"article:modified_time\" content=\"2024-09-13T14:42:44+00:00\" \/>\n<meta name=\"twitter:card\" content=\"summary_large_image\" \/>\n<meta name=\"twitter:label1\" content=\"Est. reading time\" \/>\n\t<meta name=\"twitter:data1\" content=\"5 minut\" \/>\n<script type=\"application\/ld+json\" class=\"yoast-schema-graph\">{\"@context\":\"https:\/\/schema.org\",\"@graph\":[{\"@type\":\"WebPage\",\"@id\":\"https:\/\/echoes-erasmusplus.eu\/sl\/partnerji\/park-primorski-tehnoloski\/\",\"url\":\"https:\/\/echoes-erasmusplus.eu\/sl\/partnerji\/park-primorski-tehnoloski\/\",\"name\":\"Park Primorski Tehnoloski - Echoes\",\"isPartOf\":{\"@id\":\"https:\/\/echoes-erasmusplus.eu\/sl\/#website\"},\"datePublished\":\"2023-10-16T10:01:51+00:00\",\"dateModified\":\"2024-09-13T14:42:44+00:00\",\"description\":\"Primorski tehnolo\u0161ki park je bil ustanovljen leta 2000 kot podporna institucija za razvoj podjetni\u0161tva, inovativnosti in ustvarjalnosti...\",\"breadcrumb\":{\"@id\":\"https:\/\/echoes-erasmusplus.eu\/sl\/partnerji\/park-primorski-tehnoloski\/#breadcrumb\"},\"inLanguage\":\"sl-SI\",\"potentialAction\":[{\"@type\":\"ReadAction\",\"target\":[\"https:\/\/echoes-erasmusplus.eu\/sl\/partnerji\/park-primorski-tehnoloski\/\"]}]},{\"@type\":\"BreadcrumbList\",\"@id\":\"https:\/\/echoes-erasmusplus.eu\/sl\/partnerji\/park-primorski-tehnoloski\/#breadcrumb\",\"itemListElement\":[{\"@type\":\"ListItem\",\"position\":1,\"name\":\"Home\",\"item\":\"https:\/\/echoes-erasmusplus.eu\/sl\/\"},{\"@type\":\"ListItem\",\"position\":2,\"name\":\"Partnerji\",\"item\":\"https:\/\/echoes-erasmusplus.eu\/sl\/partnerji\/\"},{\"@type\":\"ListItem\",\"position\":3,\"name\":\"Park Primorski Tehnoloski\"}]},{\"@type\":\"WebSite\",\"@id\":\"https:\/\/echoes-erasmusplus.eu\/sl\/#website\",\"url\":\"https:\/\/echoes-erasmusplus.eu\/sl\/\",\"name\":\"ECHOES\",\"description\":\"Extended Classrooms for Higher Opportunities Enhancing Skills\",\"publisher\":{\"@id\":\"https:\/\/echoes-erasmusplus.eu\/sl\/#organization\"},\"potentialAction\":[{\"@type\":\"SearchAction\",\"target\":{\"@type\":\"EntryPoint\",\"urlTemplate\":\"https:\/\/echoes-erasmusplus.eu\/sl\/?s={search_term_string}\"},\"query-input\":\"required name=search_term_string\"}],\"inLanguage\":\"sl-SI\"},{\"@type\":\"Organization\",\"@id\":\"https:\/\/echoes-erasmusplus.eu\/sl\/#organization\",\"name\":\"ECHOES Extended Classrooms for Higher Opportunities Enhancing Skills\",\"url\":\"https:\/\/echoes-erasmusplus.eu\/sl\/\",\"logo\":{\"@type\":\"ImageObject\",\"inLanguage\":\"sl-SI\",\"@id\":\"https:\/\/echoes-erasmusplus.eu\/sl\/#\/schema\/logo\/image\/\",\"url\":\"https:\/\/echoes-erasmusplus.eu\/wp-content\/uploads\/2023\/06\/logo-echoes.png\",\"contentUrl\":\"https:\/\/echoes-erasmusplus.eu\/wp-content\/uploads\/2023\/06\/logo-echoes.png\",\"width\":499,\"height\":160,\"caption\":\"ECHOES Extended Classrooms for Higher Opportunities Enhancing Skills\"},\"image\":{\"@id\":\"https:\/\/echoes-erasmusplus.eu\/sl\/#\/schema\/logo\/image\/\"}}]}<\/script>\n<!-- \/ Yoast SEO plugin. -->","yoast_head_json":{"title":"Park Primorski Tehnoloski - Echoes","description":"Primorski tehnolo\u0161ki park je bil ustanovljen leta 2000 kot podporna institucija za razvoj podjetni\u0161tva, inovativnosti in ustvarjalnosti...","robots":{"index":"index","follow":"follow","max-snippet":"max-snippet:-1","max-image-preview":"max-image-preview:large","max-video-preview":"max-video-preview:-1"},"canonical":"https:\/\/echoes-erasmusplus.eu\/sl\/partnerji\/park-primorski-tehnoloski\/","og_locale":"sl_SI","og_type":"article","og_title":"Park Primorski Tehnoloski - Echoes","og_description":"Primorski tehnolo\u0161ki park je bil ustanovljen leta 2000 kot podporna institucija za razvoj podjetni\u0161tva, inovativnosti in ustvarjalnosti...","og_url":"https:\/\/echoes-erasmusplus.eu\/sl\/partnerji\/park-primorski-tehnoloski\/","og_site_name":"Echoes","article_modified_time":"2024-09-13T14:42:44+00:00","twitter_card":"summary_large_image","twitter_misc":{"Est. reading time":"5 minut"},"schema":{"@context":"https:\/\/schema.org","@graph":[{"@type":"WebPage","@id":"https:\/\/echoes-erasmusplus.eu\/sl\/partnerji\/park-primorski-tehnoloski\/","url":"https:\/\/echoes-erasmusplus.eu\/sl\/partnerji\/park-primorski-tehnoloski\/","name":"Park Primorski Tehnoloski - Echoes","isPartOf":{"@id":"https:\/\/echoes-erasmusplus.eu\/sl\/#website"},"datePublished":"2023-10-16T10:01:51+00:00","dateModified":"2024-09-13T14:42:44+00:00","description":"Primorski tehnolo\u0161ki park je bil ustanovljen leta 2000 kot podporna institucija za razvoj podjetni\u0161tva, inovativnosti in ustvarjalnosti...","breadcrumb":{"@id":"https:\/\/echoes-erasmusplus.eu\/sl\/partnerji\/park-primorski-tehnoloski\/#breadcrumb"},"inLanguage":"sl-SI","potentialAction":[{"@type":"ReadAction","target":["https:\/\/echoes-erasmusplus.eu\/sl\/partnerji\/park-primorski-tehnoloski\/"]}]},{"@type":"BreadcrumbList","@id":"https:\/\/echoes-erasmusplus.eu\/sl\/partnerji\/park-primorski-tehnoloski\/#breadcrumb","itemListElement":[{"@type":"ListItem","position":1,"name":"Home","item":"https:\/\/echoes-erasmusplus.eu\/sl\/"},{"@type":"ListItem","position":2,"name":"Partnerji","item":"https:\/\/echoes-erasmusplus.eu\/sl\/partnerji\/"},{"@type":"ListItem","position":3,"name":"Park Primorski Tehnoloski"}]},{"@type":"WebSite","@id":"https:\/\/echoes-erasmusplus.eu\/sl\/#website","url":"https:\/\/echoes-erasmusplus.eu\/sl\/","name":"ECHOES","description":"Extended Classrooms for Higher Opportunities Enhancing Skills","publisher":{"@id":"https:\/\/echoes-erasmusplus.eu\/sl\/#organization"},"potentialAction":[{"@type":"SearchAction","target":{"@type":"EntryPoint","urlTemplate":"https:\/\/echoes-erasmusplus.eu\/sl\/?s={search_term_string}"},"query-input":"required name=search_term_string"}],"inLanguage":"sl-SI"},{"@type":"Organization","@id":"https:\/\/echoes-erasmusplus.eu\/sl\/#organization","name":"ECHOES Extended Classrooms for Higher Opportunities Enhancing Skills","url":"https:\/\/echoes-erasmusplus.eu\/sl\/","logo":{"@type":"ImageObject","inLanguage":"sl-SI","@id":"https:\/\/echoes-erasmusplus.eu\/sl\/#\/schema\/logo\/image\/","url":"https:\/\/echoes-erasmusplus.eu\/wp-content\/uploads\/2023\/06\/logo-echoes.png","contentUrl":"https:\/\/echoes-erasmusplus.eu\/wp-content\/uploads\/2023\/06\/logo-echoes.png","width":499,"height":160,"caption":"ECHOES Extended Classrooms for Higher Opportunities Enhancing Skills"},"image":{"@id":"https:\/\/echoes-erasmusplus.eu\/sl\/#\/schema\/logo\/image\/"}}]}},"_links":{"self":[{"href":"https:\/\/echoes-erasmusplus.eu\/sl\/wp-json\/wp\/v2\/pages\/2615","targetHints":{"allow":["GET"]}}],"collection":[{"href":"https:\/\/echoes-erasmusplus.eu\/sl\/wp-json\/wp\/v2\/pages"}],"about":[{"href":"https:\/\/echoes-erasmusplus.eu\/sl\/wp-json\/wp\/v2\/types\/page"}],"author":[{"embeddable":true,"href":"https:\/\/echoes-erasmusplus.eu\/sl\/wp-json\/wp\/v2\/users\/2"}],"replies":[{"embeddable":true,"href":"https:\/\/echoes-erasmusplus.eu\/sl\/wp-json\/wp\/v2\/comments?post=2615"}],"version-history":[{"count":1,"href":"https:\/\/echoes-erasmusplus.eu\/sl\/wp-json\/wp\/v2\/pages\/2615\/revisions"}],"predecessor-version":[{"id":2619,"href":"https:\/\/echoes-erasmusplus.eu\/sl\/wp-json\/wp\/v2\/pages\/2615\/revisions\/2619"}],"up":[{"embeddable":true,"href":"https:\/\/echoes-erasmusplus.eu\/sl\/wp-json\/wp\/v2\/pages\/2499"}],"wp:attachment":[{"href":"https:\/\/echoes-erasmusplus.eu\/sl\/wp-json\/wp\/v2\/media?parent=2615"}],"curies":[{"name":"wp","href":"https:\/\/api.w.org\/{rel}","templated":true}]}}